{"id":1028,"date":"2018-05-16T18:14:58","date_gmt":"2018-05-16T18:14:58","guid":{"rendered":"http:\/\/cauceecologico.org\/?page_id=1028"},"modified":"2026-07-22T22:17:05","modified_gmt":"2026-07-22T22:17:05","slug":"equipo-ejecutivo","status":"publish","type":"page","link":"https:\/\/cauceecologico.org\/?page_id=1028","title":{"rendered":"Equipo"},"content":{"rendered":"<h2><span style=\"color: #8b6339;\">Equipo de trabajo<\/span><\/h2>\n<p><strong>Valeria In\u00e9s Enderle<\/strong> \u2013 <strong>Directora ejecutiva. Coordinadora del \u00c1rea Incidencia y Democracia Ambiental.<\/strong><\/p>\n<p>Abogada. Magister en Derecho Ambiental y Urbanismo (Universit\u00e9 de Limoges, Francia). Especialista en Derecho Ambiental y Tutela del Patrimonio Cultural (UNL). Diplomada en \u201cProtecci\u00f3n Internacional de los Derechos Humanos de la Mujer\u201d, por la Universidad Austral, la Comisi\u00f3n Interamericana de Mujeres, la Escuela de Gobierno de la OEA y el Programa de Lucha contra la Trata de Personas de la OEA. Diplomada en \u201cDerechos Humanos\u201d nivel avanzado por el Centro Latinoamericano de Derechos Humanos (CLADH).<\/p>\n<p><strong>Joel de Souza<\/strong> <strong>\u2013 Director ejecutivo adjunto.<\/strong> <strong>Coordinador del \u00c1rea de Infraestructura e Inversiones.\u00a0<\/strong><\/p>\n<p>Contador P\u00fablico Nacional (UNER). Diplomado en Gesti\u00f3n de Proyectos (UTN, Buenos Aires). M\u00e1s de diez a\u00f1os de trayectoria<span style=\"font-weight: 400;\"> en el sector p\u00fablico de Entre R\u00edos y Paran\u00e1, con experiencia en el \u00e1rea administrativa-presupuestaria del Ministerio de Desarrollo Social, en el an\u00e1lisis econ\u00f3mico y asistencia t\u00e9cnica de proyectos productivos en el marco de la Direcci\u00f3n de Industria Provincial y en la generaci\u00f3n de pol\u00edticas de desarrollo y promoci\u00f3n del turismo de la ciudad de Paran\u00e1.\u00a0<\/span><\/p>\n<p><strong>Rodrigo Ceballos<\/strong> \u2013 <strong>Coordinador del \u00c1rea Administrativa &#8211; Contable.<\/strong><\/p>\n<p>Contador P\u00fablico Nacional (UNER). Diplomado en Desarrollo Sostenible (UTN, Buenos Aires).<\/p>\n<p><strong>Glenda In\u00e9s Mangia\u00a0\u2013 <\/strong><strong>Coordinadora del \u00c1rea de Agroecolog\u00eda y Alimentaci\u00f3n.<\/strong><\/p>\n<p>Licenciada en Nutrici\u00f3n (FBCB-UNL), creadora de Conciencia Nutritiva e integrante de la C\u00e1tedra Abierta de Soberan\u00eda Alimentaria (CASA-FCSyH, UADER). Forma parte del equipo de nutricionistas del grupo intensivo de diabetes de la investigaci\u00f3n nacional MicrobiAr. Formaci\u00f3n en Sistemas Alimentarios Sostenible (UCA), Alimentaci\u00f3n Basada en Plantas (UNLP), Psicolog\u00eda de la Alimentaci\u00f3n y Equidad de G\u00e9nero en Salud (Ministerio de Salud). Becada en 2021 por JWH Initiative y Boths ENDS por ser considerada joven l\u00edder ambiental.<\/p>\n<p><strong>Juli\u00e1n Alberto Parodi.<\/strong><\/p>\n<p>Ingeniero agr\u00f3nomo (FCA-UNER). Formado en cursos de posgrado La Agroecolog\u00eda desde un enfoque sist\u00e9mico (FCA\/INTA EEA Paran\u00e1) y Biodiversidad, Agroecolog\u00eda y Agricultura Sustentable (FCA \u2013 UNCuyo). Diplomado en Agricultura Org\u00e1nica y Ganader\u00eda Regenerativa, por los especialistas Jairo Restrepo, Ignacio Sim\u00f3n Zamora y Juan Dutra. Diplomado en Herramientas de Gesti\u00f3n Para la Conservaci\u00f3n y el Uso Sostenible de los Humedales del Corredor Fluvial Paran\u00e1-Paraguay, por la UNSAM y la Escuela de H\u00e1bitat y Sostenibilidad. Coordinador de las Pr\u00e1cticas Profesionalizantes (PP) y Docente de la asignatura Agroecolog\u00eda en Entre R\u00edos, de la Tecnicatura Superior en Agroecolog\u00eda del Instituto T\u00e9cnico Superior de Cerrito (ITSC).\u00a0 Integrante e impulsor de la Plataforma Agroecol\u00f3gica Argentina (PAA).<\/p>\n<p><strong>Lucrecia Grubert\u00a0\u2013 Coordinadora del \u00c1rea de Comunicaci\u00f3n, Cultura y Educaci\u00f3n.<\/strong><\/p>\n<p>Licenciada en Dise\u00f1o de la Comunicaci\u00f3n Visual y Maestranda en Dise\u00f1o Editorial (FADU-UNL). Diplomada en Comunicaci\u00f3n Digital (FCEDU-UNER). Docente especializada en los campos anteriormente citados en la Tecnicatura en Gesti\u00f3n Cultural y la Licenciatura en Comunicaci\u00f3n Social (FCEDU-UNER). Actualmente desarrolla su actividad en la Facultad de Ciencias de la Educaci\u00f3n, en el \u00c1rea Gr\u00e1fica del Centro de Producci\u00f3n en Comunicaci\u00f3n y Educaci\u00f3n y en el \u00c1rea de Comunicaci\u00f3n Institucional, adem\u00e1s de su actividad profesional independiente. Participa en ediciones de Dise\u00f1a Paran\u00e1 como miembro del jurado y evaluaci\u00f3n de emprendimientos (2024-2025-2026).<\/p>\n<p><strong>Ramiro A. Pimentel \u2013<\/strong> <strong>Cocoordinador del \u00c1rea de Comunicaci\u00f3n, Cultura y Educaci\u00f3n.<\/strong><\/p>\n<p>T\u00e9cnico en Dise\u00f1o y Animaci\u00f3n Digital, especializado en edici\u00f3n y montaje audiovisual, motion graphics y postproducci\u00f3n visual. Desarroll\u00f3 proyectos para organismos p\u00fablicos, instituciones deportivas, productoras audiovisuales y organizaciones nacionales e internacionales.<\/p>\n<p><strong>Mariano Sanguinetti.<\/strong><\/p>\n<p>Dise\u00f1ador gr\u00e1fico.<\/p>\n<p><strong>Jos\u00e9 Carlos Mar\u00eda Rojas<\/strong>.<\/p>\n<p>Bioingeniero (Facultad de Ingenier\u00eda-UNER) con experiencia en el sector privado en Industria Farmac\u00e9utica como l\u00edder de equipo dentro del sector ingenier\u00eda y mantenimiento (Eriochem y LAFEDAR) y en el sector p\u00fablico como asesor t\u00e9cnico de la Direcci\u00f3n General de Industria de Entre R\u00edos.<\/p>\n<p><span style=\"font-weight: 400;\"><strong>Paola Ruiz Lisman.<\/strong><\/span><\/p>\n<p><span style=\"font-weight: 400;\">Licenciada en Ciencia Pol\u00edtica (FTS-UNER). <\/span><span style=\"font-weight: 400;\">Consultora en temas de g\u00e9nero y ambiente.<\/span><\/p>\n<p><b>Mart\u00edn Blettler \u2013 Asesor<\/b><\/p>\n<p><span style=\"font-weight: 400;\">Licenciado, mag\u00edster y doctor en Ciencias Biol\u00f3gicas (FHUC-UNL; UEM-Brasil; FIQ-UNL). Investigador independiente de CONICET. Revisor y coeditor en diversas revistas cient\u00edficas.\u00a0<\/span><\/p>\n<p>&nbsp;<\/p>\n<h2><span style=\"color: #8b6339;\">Consejo de Administraci\u00f3n<\/span><\/h2>\n<p><strong>FACUNDO HALLE<\/strong>, presidente<\/p>\n<p><strong>LUCAS CID<\/strong>, secretario<\/p>\n<p><strong>PABLO GALARZA<\/strong>, tesorero<\/p>\n<p><strong>GUSTAVO ROMERO<\/strong>, vocal<\/p>\n","protected":false},"excerpt":{"rendered":"<p>Equipo de trabajo Valeria In\u00e9s Enderle \u2013 Directora ejecutiva. Coordinadora del \u00c1rea Incidencia y Democracia Ambiental. Abogada. Magister en Derecho Ambiental y Urbanismo (Universit\u00e9 de Limoges, Francia). Especialista en Derecho Ambiental y Tutela del Patrimonio Cultural (UNL). Diplomada en \u201cProtecci\u00f3n Internacional de los Derechos Humanos de la Mujer\u201d, por la Universidad Austral, la Comisi\u00f3n Interamericana [&hellip;]<\/p>\n","protected":false},"author":1,"featured_media":0,"parent":0,"menu_order":0,"comment_status":"closed","ping_status":"closed","template":"","meta":{"om_disable_all_campaigns":false,"_monsterinsights_skip_tracking":false,"amp_status":"","footnotes":""},"class_list":["post-1028","page","type-page","status-publish","hentry"],"aioseo_notices":[],"aioseo_head":"\n\t\t<!-- All in One SEO 4.9.10 - aioseo.com -->\n\t<meta name=\"description\" content=\"Equipo de trabajo Valeria In\u00e9s Enderle \u2013 Directora ejecutiva. Coordinadora del \u00c1rea Incidencia y Democracia Ambiental. Abogada. Magister en Derecho Ambiental y Urbanismo (Universit\u00e9 de Limoges, Francia). Especialista en Derecho Ambiental y Tutela del Patrimonio Cultural (UNL). Diplomada en \u201cProtecci\u00f3n Internacional de los Derechos Humanos de la Mujer\u201d, por la Universidad Austral, la Comisi\u00f3n Interamericana\" \/>\n\t<meta name=\"robots\" content=\"max-image-preview:large\" \/>\n\t<link rel=\"canonical\" href=\"https:\/\/cauceecologico.org\/?page_id=1028\" \/>\n\t<meta name=\"generator\" content=\"All in One SEO (AIOSEO) 4.9.10\" \/>\n\t\t<meta property=\"og:locale\" content=\"es_ES\" \/>\n\t\t<meta property=\"og:site_name\" content=\"CAUCE - Cultura Ambiental - Causa Ecologista\" \/>\n\t\t<meta property=\"og:type\" content=\"article\" \/>\n\t\t<meta property=\"og:title\" content=\"Equipo - CAUCE\" \/>\n\t\t<meta property=\"og:description\" content=\"Equipo de trabajo Valeria In\u00e9s Enderle \u2013 Directora ejecutiva. Coordinadora del \u00c1rea Incidencia y Democracia Ambiental. Abogada. Magister en Derecho Ambiental y Urbanismo (Universit\u00e9 de Limoges, Francia). Especialista en Derecho Ambiental y Tutela del Patrimonio Cultural (UNL). Diplomada en \u201cProtecci\u00f3n Internacional de los Derechos Humanos de la Mujer\u201d, por la Universidad Austral, la Comisi\u00f3n Interamericana\" \/>\n\t\t<meta property=\"og:url\" content=\"https:\/\/cauceecologico.org\/?page_id=1028\" \/>\n\t\t<meta property=\"article:published_time\" content=\"2018-05-16T18:14:58+00:00\" \/>\n\t\t<meta property=\"article:modified_time\" content=\"2026-07-22T22:17:05+00:00\" \/>\n\t\t<meta name=\"twitter:card\" content=\"summary_large_image\" \/>\n\t\t<meta name=\"twitter:title\" content=\"Equipo - CAUCE\" \/>\n\t\t<meta name=\"twitter:description\" content=\"Equipo de trabajo Valeria In\u00e9s Enderle \u2013 Directora ejecutiva. Coordinadora del \u00c1rea Incidencia y Democracia Ambiental. Abogada. Magister en Derecho Ambiental y Urbanismo (Universit\u00e9 de Limoges, Francia). Especialista en Derecho Ambiental y Tutela del Patrimonio Cultural (UNL). Diplomada en \u201cProtecci\u00f3n Internacional de los Derechos Humanos de la Mujer\u201d, por la Universidad Austral, la Comisi\u00f3n Interamericana\" \/>\n\t\t<script type=\"application\/ld+json\" class=\"aioseo-schema\">\n\t\t\t{\"@context\":\"https:\\\/\\\/schema.org\",\"@graph\":[{\"@type\":\"BreadcrumbList\",\"@id\":\"https:\\\/\\\/cauceecologico.org\\\/?page_id=1028#breadcrumblist\",\"itemListElement\":[{\"@type\":\"ListItem\",\"@id\":\"https:\\\/\\\/cauceecologico.org#listItem\",\"position\":1,\"name\":\"Home\",\"item\":\"https:\\\/\\\/cauceecologico.org\",\"nextItem\":{\"@type\":\"ListItem\",\"@id\":\"https:\\\/\\\/cauceecologico.org\\\/?page_id=1028#listItem\",\"name\":\"Equipo\"}},{\"@type\":\"ListItem\",\"@id\":\"https:\\\/\\\/cauceecologico.org\\\/?page_id=1028#listItem\",\"position\":2,\"name\":\"Equipo\",\"previousItem\":{\"@type\":\"ListItem\",\"@id\":\"https:\\\/\\\/cauceecologico.org#listItem\",\"name\":\"Home\"}}]},{\"@type\":\"Organization\",\"@id\":\"https:\\\/\\\/cauceecologico.org\\\/#organization\",\"name\":\"CAUCE\",\"description\":\"Cultura Ambiental - Causa Ecologista\",\"url\":\"https:\\\/\\\/cauceecologico.org\\\/\"},{\"@type\":\"WebPage\",\"@id\":\"https:\\\/\\\/cauceecologico.org\\\/?page_id=1028#webpage\",\"url\":\"https:\\\/\\\/cauceecologico.org\\\/?page_id=1028\",\"name\":\"Equipo - CAUCE\",\"description\":\"Equipo de trabajo Valeria In\\u00e9s Enderle \\u2013 Directora ejecutiva. Coordinadora del \\u00c1rea Incidencia y Democracia Ambiental. Abogada. Magister en Derecho Ambiental y Urbanismo (Universit\\u00e9 de Limoges, Francia). Especialista en Derecho Ambiental y Tutela del Patrimonio Cultural (UNL). Diplomada en \\u201cProtecci\\u00f3n Internacional de los Derechos Humanos de la Mujer\\u201d, por la Universidad Austral, la Comisi\\u00f3n Interamericana\",\"inLanguage\":\"es-ES\",\"isPartOf\":{\"@id\":\"https:\\\/\\\/cauceecologico.org\\\/#website\"},\"breadcrumb\":{\"@id\":\"https:\\\/\\\/cauceecologico.org\\\/?page_id=1028#breadcrumblist\"},\"datePublished\":\"2018-05-16T18:14:58+00:00\",\"dateModified\":\"2026-07-22T22:17:05+00:00\"},{\"@type\":\"WebSite\",\"@id\":\"https:\\\/\\\/cauceecologico.org\\\/#website\",\"url\":\"https:\\\/\\\/cauceecologico.org\\\/\",\"name\":\"CAUCE\",\"description\":\"Cultura Ambiental - Causa Ecologista\",\"inLanguage\":\"es-ES\",\"publisher\":{\"@id\":\"https:\\\/\\\/cauceecologico.org\\\/#organization\"}}]}\n\t\t<\/script>\n\t\t<!-- All in One SEO -->\n\n","aioseo_head_json":{"title":"Equipo - CAUCE","description":"Equipo de trabajo Valeria In\u00e9s Enderle \u2013 Directora ejecutiva. Coordinadora del \u00c1rea Incidencia y Democracia Ambiental. Abogada. Magister en Derecho Ambiental y Urbanismo (Universit\u00e9 de Limoges, Francia). Especialista en Derecho Ambiental y Tutela del Patrimonio Cultural (UNL). Diplomada en \u201cProtecci\u00f3n Internacional de los Derechos Humanos de la Mujer\u201d, por la Universidad Austral, la Comisi\u00f3n Interamericana","canonical_url":"https:\/\/cauceecologico.org\/?page_id=1028","robots":"max-image-preview:large","keywords":"","webmasterTools":{"miscellaneous":""},"schema":{"@context":"https:\/\/schema.org","@graph":[{"@type":"BreadcrumbList","@id":"https:\/\/cauceecologico.org\/?page_id=1028#breadcrumblist","itemListElement":[{"@type":"ListItem","@id":"https:\/\/cauceecologico.org#listItem","position":1,"name":"Home","item":"https:\/\/cauceecologico.org","nextItem":{"@type":"ListItem","@id":"https:\/\/cauceecologico.org\/?page_id=1028#listItem","name":"Equipo"}},{"@type":"ListItem","@id":"https:\/\/cauceecologico.org\/?page_id=1028#listItem","position":2,"name":"Equipo","previousItem":{"@type":"ListItem","@id":"https:\/\/cauceecologico.org#listItem","name":"Home"}}]},{"@type":"Organization","@id":"https:\/\/cauceecologico.org\/#organization","name":"CAUCE","description":"Cultura Ambiental - Causa Ecologista","url":"https:\/\/cauceecologico.org\/"},{"@type":"WebPage","@id":"https:\/\/cauceecologico.org\/?page_id=1028#webpage","url":"https:\/\/cauceecologico.org\/?page_id=1028","name":"Equipo - CAUCE","description":"Equipo de trabajo Valeria In\u00e9s Enderle \u2013 Directora ejecutiva. Coordinadora del \u00c1rea Incidencia y Democracia Ambiental. Abogada. Magister en Derecho Ambiental y Urbanismo (Universit\u00e9 de Limoges, Francia). Especialista en Derecho Ambiental y Tutela del Patrimonio Cultural (UNL). Diplomada en \u201cProtecci\u00f3n Internacional de los Derechos Humanos de la Mujer\u201d, por la Universidad Austral, la Comisi\u00f3n Interamericana","inLanguage":"es-ES","isPartOf":{"@id":"https:\/\/cauceecologico.org\/#website"},"breadcrumb":{"@id":"https:\/\/cauceecologico.org\/?page_id=1028#breadcrumblist"},"datePublished":"2018-05-16T18:14:58+00:00","dateModified":"2026-07-22T22:17:05+00:00"},{"@type":"WebSite","@id":"https:\/\/cauceecologico.org\/#website","url":"https:\/\/cauceecologico.org\/","name":"CAUCE","description":"Cultura Ambiental - Causa Ecologista","inLanguage":"es-ES","publisher":{"@id":"https:\/\/cauceecologico.org\/#organization"}}]},"og:locale":"es_ES","og:site_name":"CAUCE - Cultura Ambiental - Causa Ecologista","og:type":"article","og:title":"Equipo - CAUCE","og:description":"Equipo de trabajo Valeria In\u00e9s Enderle \u2013 Directora ejecutiva. Coordinadora del \u00c1rea Incidencia y Democracia Ambiental. Abogada. Magister en Derecho Ambiental y Urbanismo (Universit\u00e9 de Limoges, Francia). Especialista en Derecho Ambiental y Tutela del Patrimonio Cultural (UNL). Diplomada en \u201cProtecci\u00f3n Internacional de los Derechos Humanos de la Mujer\u201d, por la Universidad Austral, la Comisi\u00f3n Interamericana","og:url":"https:\/\/cauceecologico.org\/?page_id=1028","article:published_time":"2018-05-16T18:14:58+00:00","article:modified_time":"2026-07-22T22:17:05+00:00","twitter:card":"summary_large_image","twitter:title":"Equipo - CAUCE","twitter:description":"Equipo de trabajo Valeria In\u00e9s Enderle \u2013 Directora ejecutiva. Coordinadora del \u00c1rea Incidencia y Democracia Ambiental. Abogada. Magister en Derecho Ambiental y Urbanismo (Universit\u00e9 de Limoges, Francia). Especialista en Derecho Ambiental y Tutela del Patrimonio Cultural (UNL). Diplomada en \u201cProtecci\u00f3n Internacional de los Derechos Humanos de la Mujer\u201d, por la Universidad Austral, la Comisi\u00f3n Interamericana"},"aioseo_meta_data":{"post_id":"1028","title":null,"description":null,"keywords":[],"keyphrases":{"focus":{"keyphrase":"","score":0,"analysis":{"keyphraseInTitle":{"score":0,"maxScore":9,"error":1}}},"additional":[]},"primary_term":null,"canonical_url":null,"og_title":null,"og_description":null,"og_object_type":"default","og_image_type":"default","og_image_url":null,"og_image_width":null,"og_image_height":null,"og_image_custom_url":null,"og_image_custom_fields":null,"og_video":"","og_custom_url":null,"og_article_section":null,"og_article_tags":[],"twitter_use_og":false,"twitter_card":"default","twitter_image_type":"default","twitter_image_url":null,"twitter_image_custom_url":null,"twitter_image_custom_fields":null,"twitter_title":null,"twitter_description":null,"schema":{"blockGraphs":[],"customGraphs":[],"default":{"data":{"Article":[],"Course":[],"Dataset":[],"FAQPage":[],"Movie":[],"Person":[],"Product":[],"ProductReview":[],"Car":[],"Recipe":[],"Service":[],"SoftwareApplication":[],"WebPage":[]},"graphName":"","isEnabled":true},"graphs":[]},"schema_type":"default","schema_type_options":null,"pillar_content":false,"robots_default":true,"robots_noindex":false,"robots_noarchive":false,"robots_nosnippet":false,"robots_nofollow":false,"robots_noimageindex":false,"robots_noodp":false,"robots_notranslate":false,"robots_max_snippet":"-1","robots_max_videopreview":"-1","robots_max_imagepreview":"large","priority":0,"frequency":"default","local_seo":null,"limit_modified_date":false,"created":"2023-03-16 20:05:40","updated":"2026-07-28 00:18:06","ai":null,"breadcrumb_settings":null,"seo_analyzer_scan_date":null},"aioseo_breadcrumb":"<div class=\"aioseo-breadcrumbs\"><span class=\"aioseo-breadcrumb\">\n\t\t\t<a href=\"https:\/\/cauceecologico.org\" title=\"Home\">Home<\/a>\n\t\t<\/span><span class=\"aioseo-breadcrumb-separator\">&raquo;<\/span><span class=\"aioseo-breadcrumb\">\n\t\t\tEquipo\n\t\t<\/span><\/div>","aioseo_breadcrumb_json":[{"label":"Home","link":"https:\/\/cauceecologico.org"},{"label":"Equipo","link":"https:\/\/cauceecologico.org\/?page_id=1028"}],"_links":{"self":[{"href":"https:\/\/cauceecologico.org\/index.php?rest_route=\/wp\/v2\/pages\/1028","targetHints":{"allow":["GET"]}}],"collection":[{"href":"https:\/\/cauceecologico.org\/index.php?rest_route=\/wp\/v2\/pages"}],"about":[{"href":"https:\/\/cauceecologico.org\/index.php?rest_route=\/wp\/v2\/types\/page"}],"author":[{"embeddable":true,"href":"https:\/\/cauceecologico.org\/index.php?rest_route=\/wp\/v2\/users\/1"}],"replies":[{"embeddable":true,"href":"https:\/\/cauceecologico.org\/index.php?rest_route=%2Fwp%2Fv2%2Fcomments&post=1028"}],"version-history":[{"count":72,"href":"https:\/\/cauceecologico.org\/index.php?rest_route=\/wp\/v2\/pages\/1028\/revisions"}],"predecessor-version":[{"id":5853,"href":"https:\/\/cauceecologico.org\/index.php?rest_route=\/wp\/v2\/pages\/1028\/revisions\/5853"}],"wp:attachment":[{"href":"https:\/\/cauceecologico.org\/index.php?rest_route=%2Fwp%2Fv2%2Fmedia&parent=1028"}],"curies":[{"name":"wp","href":"https:\/\/api.w.org\/{rel}","templated":true}]}}