{"id":941,"date":"2018-05-09T14:44:23","date_gmt":"2018-05-09T14:44:23","guid":{"rendered":"http:\/\/cauceecologico.org\/?page_id=941"},"modified":"2022-01-27T18:11:16","modified_gmt":"2022-01-27T18:11:16","slug":"quienes-somos","status":"publish","type":"page","link":"https:\/\/cauceecologico.org\/?page_id=941","title":{"rendered":"Qui\u00e9nes somos"},"content":{"rendered":"<p><strong>Fundaci\u00f3n CAUCE: Cultura Ambiental &#8211; Causa Ecologista<\/strong>\u00a0nace en 2018 con el objetivo principal de avanzar hacia sociedades sustentables donde podamos ejercer, con plena conciencia, una \u00e9tica del cuidado que contemple los derechos humanos y los derechos de la naturaleza. Para ello asumimos el compromiso de exigir la garant\u00eda de cumplimiento de los tres pilares bases de la democracia ambiental: acceso a la informaci\u00f3n p\u00fablica, participaci\u00f3n ciudadana y acceso a la justicia. Trabajamos con perspectiva de g\u00e9nero, desde el arte, la cultura y la educaci\u00f3n.<\/p>\n<h2><span style=\"color: #8b6339;\"><strong>Nuestro trabajo<\/strong><\/span><\/h2>\n<p>En colaboraci\u00f3n con la comunidad y en alianza con organizaciones estrat\u00e9gicas en territorio y de diferentes pa\u00edses:<\/p>\n<ul>\n<li>Promovemos el cuidado del agua y el libre fluir de los r\u00edos<\/li>\n<li>Fomentamos la agroecolog\u00eda a trav\u00e9s del apoyo a productores y productoras, la concientizaci\u00f3n y capacitaci\u00f3n y la b\u00fasqueda de nuevas formas de consumo<\/li>\n<li>Realizamos monitoreo y seguimiento de proyectos de obras e infraestructura como represas, puertos, puentes y de la hidrov\u00eda industrial Paran\u00e1-Paraguay y las obras y proyectos asociados<\/li>\n<li>Trabajamos por la sustentabilidad de los humedales del Delta del Paran\u00e1, promovemos su cuidado y la gesti\u00f3n ambiental del territorio con y para su gente<\/li>\n<li>Ejercemos la democracia ambiental a trav\u00e9s del acceso a la informaci\u00f3n p\u00fablica ambiental, la participaci\u00f3n ciudadana y el acceso a la justicia, cuando es necesario<\/li>\n<li>Desarrollamos an\u00e1lisis, estudios e investigaciones que se transforman en iniciativas y proyectos para afianzar la relaci\u00f3n y el di\u00e1logo con la comunidad, el Estado y otras instituciones p\u00fablicas y privadas, nacionales, regionales e internacionales<\/li>\n<\/ul>\n<h2><span style=\"color: #8b6339;\">Transparencia\u00a0<\/span><\/h2>\n<p><strong>Fundaci\u00f3n CAUCE: Cultura Ambiental &#8211; Causa Ecologista <\/strong>trabaja en proyectos que reciben financiaci\u00f3n de las siguientes organizaciones internacionales:<\/p>\n<h2><span style=\"color: #8b6339;\"><a href=\"http:\/\/www.dobecology.nl\" target=\"_blank\" rel=\"noopener noreferrer\"><img loading=\"lazy\" decoding=\"async\" class=\"alignnone size-full wp-image-2649\" src=\"http:\/\/cauceecologico.org\/wp-content\/uploads\/2021\/02\/Captura-de-pantalla-2021-02-08-a-las-20.21.32.png\" alt=\"\" width=\"244\" height=\"60\" \/><\/a>\u00a0 \u00a0 \u00a0 \u00a0 \u00a0<a href=\"http:\/\/www.mott.org\" target=\"_blank\" rel=\"noopener noreferrer\"><img loading=\"lazy\" decoding=\"async\" class=\"alignnone wp-image-2650\" src=\"http:\/\/cauceecologico.org\/wp-content\/uploads\/2021\/02\/Captura-de-pantalla-2021-02-08-a-las-20.21.48.png\" alt=\"\" width=\"156\" height=\"110\" \/><\/a>\u00a0 \u00a0 \u00a0 \u00a0\u00a0<a href=\"https:\/\/www.greengrants.org\/who-we-are\/global-greengrants-fund-uk\" target=\"_blank\" rel=\"noopener noreferrer\"><img loading=\"lazy\" decoding=\"async\" class=\"alignnone wp-image-2651 size-full\" src=\"http:\/\/cauceecologico.org\/wp-content\/uploads\/2021\/02\/Captura-de-pantalla-2021-02-08-a-las-20.21.53.png\" alt=\"\" width=\"105\" height=\"107\" \/><\/a><\/span><\/h2>\n<h2><span style=\"color: #993300;\">\u00a0<\/span><\/h2>\n<h2><span style=\"color: #8b6339;\"><strong>S\u00e9 parte de este CAUCE<\/strong><\/span><\/h2>\n<p>Vos pod\u00e9s ayudarnos a imaginar y trabajar por otros mundos posibles.<br \/>\nSi te interesa lo que hacemos, y lo que queda por hacer, compartimos los datos de nuestra cuenta para que hagas tu donaci\u00f3n.<\/p>\n<p><strong>Fundaci\u00f3n CAUCE (Cultura Ambiental \u2013 Causa Ecologista)<\/strong><br \/>\n<strong>N\u00famero de Cuenta: CC en Pesos 192-010932\/5<\/strong><br \/>\n<strong>N\u00famero de CBU: 0720192520000001093254<\/strong><br \/>\n<strong>Raz\u00f3n Social: FUND CAUCE CULT AMB CAUSA ECOL<\/strong><br \/>\n<strong>CUIT\/CUIL: 30716016206<\/strong><br \/>\n<strong>Banco: Santander R\u00edo<\/strong><\/p>\n<header id=\"mvp-post-head\" class=\"left relative\"><\/header>\n<div class=\"mvp-post-main-out left relative\">\n<div class=\"mvp-post-main-in\">\n<div id=\"mvp-post-content\" class=\"left relative\">\n<div id=\"mvp-content-wrap\" class=\"left relative\">\n<div class=\"mvp-post-soc-out right relative\">\n<div class=\"mvp-post-soc-in\">\n<div id=\"mvp-content-body\" class=\"left-relative\">\n<div id=\"mvp-content-main\" class=\"left relative\">\n<div id=\"tps_slideContainer_1466\" class=\"theiaPostSlider_slides\">\n<div class=\"theiaPostSlider_preloadedSlide\"><\/div>\n<\/div>\n<\/div>\n<\/div>\n<\/div>\n<\/div>\n<\/div>\n<\/div>\n<\/div>\n<\/div>\n","protected":false},"excerpt":{"rendered":"<p>Fundaci\u00f3n CAUCE: Cultura Ambiental &#8211; Causa Ecologista\u00a0nace en 2018 con el objetivo principal de avanzar hacia sociedades sustentables donde podamos ejercer, con plena conciencia, una \u00e9tica del cuidado que contemple los derechos humanos y los derechos de la naturaleza. Para ello asumimos el compromiso de exigir la garant\u00eda de cumplimiento de los tres pilares bases [&hellip;]<\/p>\n","protected":false},"author":1,"featured_media":0,"parent":0,"menu_order":0,"comment_status":"closed","ping_status":"closed","template":"","meta":{"om_disable_all_campaigns":false,"_monsterinsights_skip_tracking":false,"amp_status":"","footnotes":""},"class_list":["post-941","page","type-page","status-publish","hentry"],"aioseo_notices":[],"aioseo_head":"\n\t\t<!-- All in One SEO 4.9.10 - aioseo.com -->\n\t<meta name=\"description\" content=\"Fundaci\u00f3n CAUCE: Cultura Ambiental - Causa Ecologista nace en 2018 con el objetivo principal de avanzar hacia sociedades sustentables donde podamos ejercer, con plena conciencia, una \u00e9tica del cuidado que contemple los derechos humanos y los derechos de la naturaleza. Para ello asumimos el compromiso de exigir la garant\u00eda de cumplimiento de los tres pilares bases\" \/>\n\t<meta name=\"robots\" content=\"max-image-preview:large\" \/>\n\t<link rel=\"canonical\" href=\"https:\/\/cauceecologico.org\/?page_id=941\" \/>\n\t<meta name=\"generator\" content=\"All in One SEO (AIOSEO) 4.9.10\" \/>\n\t\t<meta property=\"og:locale\" content=\"es_ES\" \/>\n\t\t<meta property=\"og:site_name\" content=\"CAUCE - Cultura Ambiental - Causa Ecologista\" \/>\n\t\t<meta property=\"og:type\" content=\"article\" \/>\n\t\t<meta property=\"og:title\" content=\"Qui\u00e9nes somos - CAUCE\" \/>\n\t\t<meta property=\"og:description\" content=\"Fundaci\u00f3n CAUCE: Cultura Ambiental - Causa Ecologista nace en 2018 con el objetivo principal de avanzar hacia sociedades sustentables donde podamos ejercer, con plena conciencia, una \u00e9tica del cuidado que contemple los derechos humanos y los derechos de la naturaleza. Para ello asumimos el compromiso de exigir la garant\u00eda de cumplimiento de los tres pilares bases\" \/>\n\t\t<meta property=\"og:url\" content=\"https:\/\/cauceecologico.org\/?page_id=941\" \/>\n\t\t<meta property=\"article:published_time\" content=\"2018-05-09T14:44:23+00:00\" \/>\n\t\t<meta property=\"article:modified_time\" content=\"2022-01-27T18:11:16+00:00\" \/>\n\t\t<meta name=\"twitter:card\" content=\"summary_large_image\" \/>\n\t\t<meta name=\"twitter:title\" content=\"Qui\u00e9nes somos - CAUCE\" \/>\n\t\t<meta name=\"twitter:description\" content=\"Fundaci\u00f3n CAUCE: Cultura Ambiental - Causa Ecologista nace en 2018 con el objetivo principal de avanzar hacia sociedades sustentables donde podamos ejercer, con plena conciencia, una \u00e9tica del cuidado que contemple los derechos humanos y los derechos de la naturaleza. Para ello asumimos el compromiso de exigir la garant\u00eda de cumplimiento de los tres pilares bases\" \/>\n\t\t<script type=\"application\/ld+json\" class=\"aioseo-schema\">\n\t\t\t{\"@context\":\"https:\\\/\\\/schema.org\",\"@graph\":[{\"@type\":\"BreadcrumbList\",\"@id\":\"https:\\\/\\\/cauceecologico.org\\\/?page_id=941#breadcrumblist\",\"itemListElement\":[{\"@type\":\"ListItem\",\"@id\":\"https:\\\/\\\/cauceecologico.org#listItem\",\"position\":1,\"name\":\"Home\",\"item\":\"https:\\\/\\\/cauceecologico.org\",\"nextItem\":{\"@type\":\"ListItem\",\"@id\":\"https:\\\/\\\/cauceecologico.org\\\/?page_id=941#listItem\",\"name\":\"Qui\\u00e9nes somos\"}},{\"@type\":\"ListItem\",\"@id\":\"https:\\\/\\\/cauceecologico.org\\\/?page_id=941#listItem\",\"position\":2,\"name\":\"Qui\\u00e9nes somos\",\"previousItem\":{\"@type\":\"ListItem\",\"@id\":\"https:\\\/\\\/cauceecologico.org#listItem\",\"name\":\"Home\"}}]},{\"@type\":\"Organization\",\"@id\":\"https:\\\/\\\/cauceecologico.org\\\/#organization\",\"name\":\"CAUCE\",\"description\":\"Cultura Ambiental - Causa Ecologista\",\"url\":\"https:\\\/\\\/cauceecologico.org\\\/\"},{\"@type\":\"WebPage\",\"@id\":\"https:\\\/\\\/cauceecologico.org\\\/?page_id=941#webpage\",\"url\":\"https:\\\/\\\/cauceecologico.org\\\/?page_id=941\",\"name\":\"Qui\\u00e9nes somos - CAUCE\",\"description\":\"Fundaci\\u00f3n CAUCE: Cultura Ambiental - Causa Ecologista nace en 2018 con el objetivo principal de avanzar hacia sociedades sustentables donde podamos ejercer, con plena conciencia, una \\u00e9tica del cuidado que contemple los derechos humanos y los derechos de la naturaleza. Para ello asumimos el compromiso de exigir la garant\\u00eda de cumplimiento de los tres pilares bases\",\"inLanguage\":\"es-ES\",\"isPartOf\":{\"@id\":\"https:\\\/\\\/cauceecologico.org\\\/#website\"},\"breadcrumb\":{\"@id\":\"https:\\\/\\\/cauceecologico.org\\\/?page_id=941#breadcrumblist\"},\"datePublished\":\"2018-05-09T14:44:23+00:00\",\"dateModified\":\"2022-01-27T18:11:16+00:00\"},{\"@type\":\"WebSite\",\"@id\":\"https:\\\/\\\/cauceecologico.org\\\/#website\",\"url\":\"https:\\\/\\\/cauceecologico.org\\\/\",\"name\":\"CAUCE\",\"description\":\"Cultura Ambiental - Causa Ecologista\",\"inLanguage\":\"es-ES\",\"publisher\":{\"@id\":\"https:\\\/\\\/cauceecologico.org\\\/#organization\"}}]}\n\t\t<\/script>\n\t\t<!-- All in One SEO -->\n\n","aioseo_head_json":{"title":"Qui\u00e9nes somos - CAUCE","description":"Fundaci\u00f3n CAUCE: Cultura Ambiental - Causa Ecologista nace en 2018 con el objetivo principal de avanzar hacia sociedades sustentables donde podamos ejercer, con plena conciencia, una \u00e9tica del cuidado que contemple los derechos humanos y los derechos de la naturaleza. Para ello asumimos el compromiso de exigir la garant\u00eda de cumplimiento de los tres pilares bases","canonical_url":"https:\/\/cauceecologico.org\/?page_id=941","robots":"max-image-preview:large","keywords":"","webmasterTools":{"miscellaneous":""},"schema":{"@context":"https:\/\/schema.org","@graph":[{"@type":"BreadcrumbList","@id":"https:\/\/cauceecologico.org\/?page_id=941#breadcrumblist","itemListElement":[{"@type":"ListItem","@id":"https:\/\/cauceecologico.org#listItem","position":1,"name":"Home","item":"https:\/\/cauceecologico.org","nextItem":{"@type":"ListItem","@id":"https:\/\/cauceecologico.org\/?page_id=941#listItem","name":"Qui\u00e9nes somos"}},{"@type":"ListItem","@id":"https:\/\/cauceecologico.org\/?page_id=941#listItem","position":2,"name":"Qui\u00e9nes somos","previousItem":{"@type":"ListItem","@id":"https:\/\/cauceecologico.org#listItem","name":"Home"}}]},{"@type":"Organization","@id":"https:\/\/cauceecologico.org\/#organization","name":"CAUCE","description":"Cultura Ambiental - Causa Ecologista","url":"https:\/\/cauceecologico.org\/"},{"@type":"WebPage","@id":"https:\/\/cauceecologico.org\/?page_id=941#webpage","url":"https:\/\/cauceecologico.org\/?page_id=941","name":"Qui\u00e9nes somos - CAUCE","description":"Fundaci\u00f3n CAUCE: Cultura Ambiental - Causa Ecologista nace en 2018 con el objetivo principal de avanzar hacia sociedades sustentables donde podamos ejercer, con plena conciencia, una \u00e9tica del cuidado que contemple los derechos humanos y los derechos de la naturaleza. Para ello asumimos el compromiso de exigir la garant\u00eda de cumplimiento de los tres pilares bases","inLanguage":"es-ES","isPartOf":{"@id":"https:\/\/cauceecologico.org\/#website"},"breadcrumb":{"@id":"https:\/\/cauceecologico.org\/?page_id=941#breadcrumblist"},"datePublished":"2018-05-09T14:44:23+00:00","dateModified":"2022-01-27T18:11:16+00:00"},{"@type":"WebSite","@id":"https:\/\/cauceecologico.org\/#website","url":"https:\/\/cauceecologico.org\/","name":"CAUCE","description":"Cultura Ambiental - Causa Ecologista","inLanguage":"es-ES","publisher":{"@id":"https:\/\/cauceecologico.org\/#organization"}}]},"og:locale":"es_ES","og:site_name":"CAUCE - Cultura Ambiental - Causa Ecologista","og:type":"article","og:title":"Qui\u00e9nes somos - CAUCE","og:description":"Fundaci\u00f3n CAUCE: Cultura Ambiental - Causa Ecologista nace en 2018 con el objetivo principal de avanzar hacia sociedades sustentables donde podamos ejercer, con plena conciencia, una \u00e9tica del cuidado que contemple los derechos humanos y los derechos de la naturaleza. Para ello asumimos el compromiso de exigir la garant\u00eda de cumplimiento de los tres pilares bases","og:url":"https:\/\/cauceecologico.org\/?page_id=941","article:published_time":"2018-05-09T14:44:23+00:00","article:modified_time":"2022-01-27T18:11:16+00:00","twitter:card":"summary_large_image","twitter:title":"Qui\u00e9nes somos - CAUCE","twitter:description":"Fundaci\u00f3n CAUCE: Cultura Ambiental - Causa Ecologista nace en 2018 con el objetivo principal de avanzar hacia sociedades sustentables donde podamos ejercer, con plena conciencia, una \u00e9tica del cuidado que contemple los derechos humanos y los derechos de la naturaleza. Para ello asumimos el compromiso de exigir la garant\u00eda de cumplimiento de los tres pilares bases"},"aioseo_meta_data":{"post_id":"941","title":null,"description":null,"keywords":null,"keyphrases":null,"primary_term":null,"canonical_url":null,"og_title":null,"og_description":null,"og_object_type":"default","og_image_type":"default","og_image_url":null,"og_image_width":null,"og_image_height":null,"og_image_custom_url":null,"og_image_custom_fields":null,"og_video":null,"og_custom_url":null,"og_article_section":null,"og_article_tags":null,"twitter_use_og":false,"twitter_card":"default","twitter_image_type":"default","twitter_image_url":null,"twitter_image_custom_url":null,"twitter_image_custom_fields":null,"twitter_title":null,"twitter_description":null,"schema":{"blockGraphs":[],"customGraphs":[],"default":{"data":{"Article":[],"Course":[],"Dataset":[],"FAQPage":[],"Movie":[],"Person":[],"Product":[],"ProductReview":[],"Car":[],"Recipe":[],"Service":[],"SoftwareApplication":[],"WebPage":[]},"graphName":"","isEnabled":true},"graphs":[]},"schema_type":"default","schema_type_options":null,"pillar_content":false,"robots_default":true,"robots_noindex":false,"robots_noarchive":false,"robots_nosnippet":false,"robots_nofollow":false,"robots_noimageindex":false,"robots_noodp":false,"robots_notranslate":false,"robots_max_snippet":null,"robots_max_videopreview":null,"robots_max_imagepreview":"large","priority":null,"frequency":null,"local_seo":null,"limit_modified_date":false,"created":"2023-03-16 20:05:40","updated":"2026-07-28 00:18:06","ai":null,"breadcrumb_settings":null,"seo_analyzer_scan_date":null},"aioseo_breadcrumb":"<div class=\"aioseo-breadcrumbs\"><span class=\"aioseo-breadcrumb\">\n\t\t\t<a href=\"https:\/\/cauceecologico.org\" title=\"Home\">Home<\/a>\n\t\t<\/span><span class=\"aioseo-breadcrumb-separator\">&raquo;<\/span><span class=\"aioseo-breadcrumb\">\n\t\t\tQui\u00e9nes somos\n\t\t<\/span><\/div>","aioseo_breadcrumb_json":[{"label":"Home","link":"https:\/\/cauceecologico.org"},{"label":"Qui\u00e9nes somos","link":"https:\/\/cauceecologico.org\/?page_id=941"}],"_links":{"self":[{"href":"https:\/\/cauceecologico.org\/index.php?rest_route=\/wp\/v2\/pages\/941","targetHints":{"allow":["GET"]}}],"collection":[{"href":"https:\/\/cauceecologico.org\/index.php?rest_route=\/wp\/v2\/pages"}],"about":[{"href":"https:\/\/cauceecologico.org\/index.php?rest_route=\/wp\/v2\/types\/page"}],"author":[{"embeddable":true,"href":"https:\/\/cauceecologico.org\/index.php?rest_route=\/wp\/v2\/users\/1"}],"replies":[{"embeddable":true,"href":"https:\/\/cauceecologico.org\/index.php?rest_route=%2Fwp%2Fv2%2Fcomments&post=941"}],"version-history":[{"count":26,"href":"https:\/\/cauceecologico.org\/index.php?rest_route=\/wp\/v2\/pages\/941\/revisions"}],"predecessor-version":[{"id":3440,"href":"https:\/\/cauceecologico.org\/index.php?rest_route=\/wp\/v2\/pages\/941\/revisions\/3440"}],"wp:attachment":[{"href":"https:\/\/cauceecologico.org\/index.php?rest_route=%2Fwp%2Fv2%2Fmedia&parent=941"}],"curies":[{"name":"wp","href":"https:\/\/api.w.org\/{rel}","templated":true}]}}